{"id":4459,"date":"2025-01-10T15:11:50","date_gmt":"2025-01-10T14:11:50","guid":{"rendered":"https:\/\/battri.co\/jobs\/assistant-administratif-et-logistique-h-f\/"},"modified":"2026-04-13T11:43:09","modified_gmt":"2026-04-13T09:43:09","slug":"assistant-administratif-et-logistique-h-f","status":"publish","type":"awsm_job_openings","link":"https:\/\/battri.co\/fr\/jobs\/assistant-administratif-et-logistique-h-f\/","title":{"rendered":"Op\u00e9rateur de tri-contr\u00f4le qualit\u00e9 (H\/F)"},"content":{"rendered":"\n<p class=\"has-medium-font-size\"><strong>Qui sommes-nous ?<\/strong><\/p>\n\n\n\n<p>Notre m\u00e9tier est de recycler les batteries lithium-ion (v\u00e9hicules \u00e9lectriques et autre batteries portables) et les d\u00e9chets de gigafactories afin d\u2019en extraire et de valoriser les mat\u00e9riaux strat\u00e9giques qui les composent pour de nouvelles utilisations, et par cons\u00e9quent contribuer \u00e0 la protection de l\u2019environnement et \u00e0 l\u2019acc\u00e9l\u00e9ration de la transition \u00e9nerg\u00e9tique.<\/p>\n\n\n\n<p>Nous avons pour objectif de devenir un acteur europ\u00e9en incontournable dans le recyclage des batteries lithium-ion.<\/p>\n\n\n\n<p><\/p>\n\n\n\n<p>Vous \u00eates un(e) entrepreneur(se) dans l\u2019\u00e2me, vous aimez l\u2019industrie et vous voulez participer au d\u00e9veloppement d\u2019une start-up \u00e0 impact ? Ce qui suit devrait vous int\u00e9resser.<br><\/p>\n\n\n\n<div class=\"wp-block-group is-vertical is-layout-flex wp-container-core-group-is-layout-fe9cc265 wp-block-group-is-layout-flex\">\n<p class=\"has-medium-font-size\"><strong>Votre r\u00f4le ?<\/strong><\/p>\n\n\n\n<p>L&rsquo;op\u00e9rateur de tri\/contr\u00f4le qualit\u00e9 est un agent polyvalent, qui intervient potentiellement sur 3 \u00e9tapes du process du recyclage (tri, d\u00e9mant\u00e8lement batteries, alimentation ligne de traitement) mais se sp\u00e9cialise dans l\u2019identification, le diagnostic et le tri des batteries portables.<\/p>\n\n\n\n<p>Vos missions principales :<\/p>\n\n\n\n<ul class=\"wp-block-list\">\n<li>R\u00e9alise les op\u00e9rations de tri manuel en appliquant les m\u00e9thodes de :<\/li>\n\n\n\n<li>tri n\u00e9gatif (mat\u00e9riaux \u00e0 recycler): s\u00e9pare les diff\u00e9rents types de batteries Lithium-ion dans les contenants d\u00e9finis;<\/li>\n\n\n\n<li>tri positif (autres piles et accumulateurs, D3E, mat\u00e9riaux non recyclables): retire les polluants et les trie en fonction de leur qualit\u00e9; les conditionne et les achemine vers les espaces pr\u00e9vus;<\/li>\n\n\n\n<li>Assure la pes\u00e9e et le marquage des contenants des diff\u00e9rentes fractions issues du tri;<\/li>\n\n\n\n<li>Renseigne des documents de contr\u00f4le et de tra\u00e7abilit\u00e9;<\/li>\n\n\n\n<li>Achemine les d\u00e9chets et produits tri\u00e9s vers les zones appropri\u00e9es pour proc\u00e9der au traitement (d\u00e9charge, s\u00e9chage, stockage, d\u00e9mant\u00e8lement, broyage\u2026) ou \u00e0 l\u2019exp\u00e9dition vers les fili\u00e8res de traitement.<\/li>\n\n\n\n<li>Participe \u00e0 la r\u00e9daction des modes op\u00e9ratoires<\/li>\n<\/ul>\n\n\n\n<p>Cette liste est non exhaustive et pourra \u00e9voluer en fonction du d\u00e9veloppement de l&rsquo;activit\u00e9.<\/p>\n\n\n\n<p><\/p>\n\n\n\n<p><strong>Votre profil?<\/strong><\/p>\n\n\n\n<p>Nous recherchons avant tout des profils polyvalents, rigoureux et impliqu\u00e9s. Une attention particuli\u00e8re sera port\u00e9e aux candidats :<ul><li>Ayant une forte app\u00e9tence pour le contr\u00f4le et le travail de pr\u00e9cision<\/li><li>Capables de faire preuve de minutie et d\u2019observation<\/li><li>Sensibles aux consignes de s\u00e9curit\u00e9 et au respect des proc\u00e9dures<\/li><li>\u00c0 l\u2019aise avec des t\u00e2ches manuelles et r\u00e9p\u00e9titives<\/li><\/ul>Une premi\u00e8re exp\u00e9rience en environnement industriel ou en tri\/recyclage est un plus, mais n\u2019est pas indispensable.<\/p>\n\n\n\n<p><strong>Dipl\u00f4mes et certifications :<\/strong><\/p>\n\n\n\n<ul class=\"wp-block-list\">\n<li>CACES R489 cat\u00e9gorie 3<\/li>\n<\/ul>\n\n\n\n<p><strong>Pourquoi nous rejoindre ?<\/strong><\/p>\n\n\n\n<p>Chez BATTRI, chaque mission a du sens. Vous contribuerez directement \u00e0 un&nbsp;<strong>projet industriel responsable<\/strong>, \u00e0 la&nbsp;<strong>protection de l\u2019environnement<\/strong>, et \u00e0 l\u2019<strong>acc\u00e9l\u00e9ration de la transition \u00e9nerg\u00e9tique<\/strong>&nbsp;en Europe.<\/p>\n\n\n\n<p><strong>Pr\u00eat(e) \u00e0 rejoindre l\u2019aventure BATTRI et \u00e0 faire bouger les lignes du recyclage industriel ?<\/strong>&nbsp;Envoyez-nous votre candidature d\u00e8s maintenant !<\/p>\n\n\n\n<p><\/p>\n\n\n\n<p><strong>Les Infos Essentielles Du Poste<\/strong><\/p>\n\n\n\n<p>Bas\u00e9 \u00e0 : Saint Laurent Blangy (Arras)<\/p>\n\n\n\n<p>D\u00e9marrage : D\u00e8s que possible<\/p>\n\n\n\n<p>Type d&#8217;emploi : Temps plein, CDI<\/p>\n\n\n\n<p>R\u00e9mun\u00e9ration\u00a0: 26\u202f000,00\u20ac\u00a0\u00e0\u00a028\u202f000,00\u20ac\u00a0par an<\/p>\n<\/div>\n\n\n\n<p><\/p>\n","protected":false},"excerpt":{"rendered":"<p>Qui sommes-nous ? Notre m\u00e9tier est de recycler les batteries lithium-ion (v\u00e9hicules \u00e9lectriques et autre batteries portables) et les d\u00e9chets de gigafactories afin d\u2019en extraire et de valoriser les mat\u00e9riaux strat\u00e9giques qui les composent pour de nouvelles utilisations, et par cons\u00e9quent contribuer \u00e0 la protection de l\u2019environnement et \u00e0 l\u2019acc\u00e9l\u00e9ration de la transition \u00e9nerg\u00e9tique. Nous [&hellip;]<\/p>\n","protected":false},"author":5,"featured_media":0,"template":"","meta":{"_seopress_robots_primary_cat":"","_seopress_titles_title":"Responsable Financier (H\/F) - CDI","_seopress_titles_desc":"Reportant directement au directeur g\u00e9n\u00e9ral de Battri, membre de l\u2019\u00e9quipe dirigeante, vous \u00eates le(a) garant(e) de la bonne gestion financi\u00e8re de l\u2019entreprise. Vous participez activement au d\u00e9veloppement, \u00e0 la strat\u00e9gie et \u00e0 la performance globale de l'entreprise en apportant votre expertise technique. Votre r\u00f4le central s'exprime au quotidien, assurant une gestion financi\u00e8re fluide et efficiente de l'entreprise.","_seopress_robots_index":""},"class_list":["post-4459","awsm_job_openings","type-awsm_job_openings","status-publish","hentry","job-type-cdi-fr","job-location-saint-laurent-blangy"],"_links":{"self":[{"href":"https:\/\/battri.co\/fr\/wp-json\/wp\/v2\/awsm_job_openings\/4459","targetHints":{"allow":["GET"]}}],"collection":[{"href":"https:\/\/battri.co\/fr\/wp-json\/wp\/v2\/awsm_job_openings"}],"about":[{"href":"https:\/\/battri.co\/fr\/wp-json\/wp\/v2\/types\/awsm_job_openings"}],"author":[{"embeddable":true,"href":"https:\/\/battri.co\/fr\/wp-json\/wp\/v2\/users\/5"}],"wp:attachment":[{"href":"https:\/\/battri.co\/fr\/wp-json\/wp\/v2\/media?parent=4459"}],"curies":[{"name":"wp","href":"https:\/\/api.w.org\/{rel}","templated":true}]}}