{"id":4342,"date":"2026-04-08T16:51:08","date_gmt":"2026-04-08T14:51:08","guid":{"rendered":"https:\/\/battri.co\/?post_type=awsm_job_openings&#038;p=4342"},"modified":"2026-04-13T11:40:24","modified_gmt":"2026-04-13T09:40:24","slug":"technicien-chimiste-h-f","status":"publish","type":"awsm_job_openings","link":"https:\/\/battri.co\/fr\/jobs\/technicien-chimiste-h-f\/","title":{"rendered":"Responsable Supply Chain (H\/F)"},"content":{"rendered":"\n<p class=\"has-medium-font-size\"><strong>Qui sommes-nous ?<\/strong><\/p>\n\n\n\n<p>Notre m\u00e9tier est de recycler les batteries lithium-ion (v\u00e9hicules \u00e9lectriques et autre batteries portables) et les d\u00e9chets de gigafactories afin d\u2019en extraire et de valoriser les mat\u00e9riaux strat\u00e9giques qui les composent pour de nouvelles utilisations, et par cons\u00e9quent contribuer \u00e0 la protection de l\u2019environnement et \u00e0 l\u2019acc\u00e9l\u00e9ration de la transition \u00e9nerg\u00e9tique.<\/p>\n\n\n\n<p>Nous avons pour objectif de devenir un acteur europ\u00e9en incontournable dans le recyclage des batteries lithium-ion.<\/p>\n\n\n\n<p>Vous \u00eates un(e) entrepreneur(se) dans l\u2019\u00e2me, vous aimez l\u2019industrie et vous voulez participer au d\u00e9veloppement d\u2019une start-up \u00e0 impact ? Ce qui suit devrait vous int\u00e9resser.<br><\/p>\n\n\n\n<div class=\"wp-block-group is-vertical is-layout-flex wp-container-core-group-is-layout-fe9cc265 wp-block-group-is-layout-flex\">\n<p class=\"has-medium-font-size\"><strong>Votre r\u00f4le ?<\/strong><\/p>\n\n\n\n<p>Rendre les flux simples, efficaces et ma\u00eetris\u00e9s, de A \u00e0 Z.<\/p>\n\n\n\n<p>Chez Battri, nous entrons dans une phase d\u2019expansion ambitieuse. Pour accompagner cette dynamique, nous recherchons une personne agile, structur\u00e9e et tourn\u00e9e vers l\u2019action pour b\u00e2tir et piloter notre fonction logistique &amp; commerciale.<\/p>\n\n\n\n<p><strong><strong>Structurer &amp; piloter les flux logistiques et commerciaux<\/strong><\/strong><\/p>\n\n\n\n<ul class=\"wp-block-list\">\n<li>\u00catre ancr\u00e9(e) dans l\u2019op\u00e9rationnel : pr\u00e9sence terrain indispensable (site d&rsquo;Arras)<\/li>\n\n\n\n<li>Optimiser les outils digitaux (Excel avanc\u00e9, CRM, ERP) pour un pilotage pr\u00e9cis<\/li>\n\n\n\n<li>G\u00e9rer les flux logistiques nationaux &amp; internationaux (transport, douanes, ADR)<\/li>\n\n\n\n<li>Assurer un support commercial rigoureux (suivi clients, offres, contrats)<\/li>\n<\/ul>\n\n\n\n<p>Cette liste est non exhaustive et pourra \u00e9voluer en fonction du d\u00e9veloppement de l&rsquo;activit\u00e9.<\/p>\n\n\n\n<p><\/p>\n\n\n\n<p><strong>Votre profil?<\/strong><\/p>\n\n\n\n<p>Exp\u00e9rience en environnement industriel (rigueur, s\u00e9curit\u00e9, flux physiques)<\/p>\n\n\n\n<p>Tr\u00e8s \u00e0 l&rsquo;aise avec les outils digitaux (Excel indispensable)<\/p>\n\n\n\n<p>Esprit pragmatique, orient\u00e9 r\u00e9sultats, avec un vrai go\u00fbt pour le terrain<\/p>\n\n\n\n<p>Anglais courant pour \u00e9voluer dans un contexte international<\/p>\n\n\n\n<p>Pas besoin d&rsquo;\u00eatre expert(e) du secteur : nous vous formons ! Ce qui compte, c&rsquo;est votre capacit\u00e9 \u00e0 apprendre vite et \u00e0 structurer efficacement.<\/p>\n\n\n\n<p><strong>Pourquoi nous rejoindre ?<\/strong><\/p>\n\n\n\n<ul class=\"wp-block-list\">\n<li>Une ambiance de travail stimulante, au c\u0153ur de l\u2019innovation industrielle<\/li>\n\n\n\n<li>Des opportunit\u00e9s de d\u00e9veloppement professionnel et personnel<\/li>\n\n\n\n<li>Une culture d\u2019entreprise valorisant la prise d\u2019initiative et la collaboration<\/li>\n\n\n\n<li>Une participation active au d\u00e9veloppement strat\u00e9gique d\u2019une entreprise prometteuse<\/li>\n<\/ul>\n\n\n\n<p><\/p>\n\n\n\n<p><strong>Les Infos Essentielles Du Poste<\/strong><\/p>\n\n\n\n<p>Bas\u00e9 \u00e0 : Saint Laurent Blangy (Arras)<\/p>\n\n\n\n<p>D\u00e9marrage : D\u00e8s que possible<\/p>\n\n\n\n<p>Type d&#8217;emploi : Temps plein, CDI<\/p>\n\n\n\n<p>R\u00e9mun\u00e9ration\u00a0: 45000\u20ac\u00a0par an<\/p>\n<\/div>\n\n\n\n<p><\/p>\n","protected":false},"excerpt":{"rendered":"<p>Qui sommes-nous ? Notre m\u00e9tier est de recycler les batteries lithium-ion (v\u00e9hicules \u00e9lectriques et autre batteries portables) et les d\u00e9chets de gigafactories afin d\u2019en extraire et de valoriser les mat\u00e9riaux strat\u00e9giques qui les composent pour de nouvelles utilisations, et par cons\u00e9quent contribuer \u00e0 la protection de l\u2019environnement et \u00e0 l\u2019acc\u00e9l\u00e9ration de la transition \u00e9nerg\u00e9tique. Nous [&hellip;]<\/p>\n","protected":false},"author":5,"featured_media":0,"template":"","meta":{"_seopress_robots_primary_cat":"","_seopress_titles_title":"Responsable Financier (H\/F) - CDI","_seopress_titles_desc":"Reportant directement au directeur g\u00e9n\u00e9ral de Battri, membre de l\u2019\u00e9quipe dirigeante, vous \u00eates le(a) garant(e) de la bonne gestion financi\u00e8re de l\u2019entreprise. Vous participez activement au d\u00e9veloppement, \u00e0 la strat\u00e9gie et \u00e0 la performance globale de l'entreprise en apportant votre expertise technique. Votre r\u00f4le central s'exprime au quotidien, assurant une gestion financi\u00e8re fluide et efficiente de l'entreprise.","_seopress_robots_index":""},"class_list":["post-4342","awsm_job_openings","type-awsm_job_openings","status-publish","hentry","job-type-cdi-fr","job-location-saint-laurent-blangy"],"_links":{"self":[{"href":"https:\/\/battri.co\/fr\/wp-json\/wp\/v2\/awsm_job_openings\/4342","targetHints":{"allow":["GET"]}}],"collection":[{"href":"https:\/\/battri.co\/fr\/wp-json\/wp\/v2\/awsm_job_openings"}],"about":[{"href":"https:\/\/battri.co\/fr\/wp-json\/wp\/v2\/types\/awsm_job_openings"}],"author":[{"embeddable":true,"href":"https:\/\/battri.co\/fr\/wp-json\/wp\/v2\/users\/5"}],"wp:attachment":[{"href":"https:\/\/battri.co\/fr\/wp-json\/wp\/v2\/media?parent=4342"}],"curies":[{"name":"wp","href":"https:\/\/api.w.org\/{rel}","templated":true}]}}